{"id":3636,"date":"2020-12-10T20:05:28","date_gmt":"2020-12-10T20:05:28","guid":{"rendered":"http:\/\/rcszo.ch\/wordpress\/?page_id=3636"},"modified":"2020-12-10T20:09:47","modified_gmt":"2020-12-10T20:09:47","slug":"news","status":"publish","type":"page","link":"http:\/\/rcszo.ch\/wordpress\/news\/","title":{"rendered":"News"},"content":{"rendered":"<ul class=\"wp-block-latest-posts__list has-dates wp-block-latest-posts\"><li><a class=\"wp-block-latest-posts__post-title\" href=\"http:\/\/rcszo.ch\/wordpress\/2026\/04\/26\/df95-trainingsregatta-risi-09-05-2026\/\">DF95 Trainingsregatta &#8211; Risi, 09.05.2026<\/a><time datetime=\"2026-04-26T12:22:04+00:00\" class=\"wp-block-latest-posts__post-date\">26. April 2026<\/time><div class=\"wp-block-latest-posts__post-full-content\"><!-- wp:image {\"id\":6608,\"sizeSlug\":\"full\",\"linkDestination\":\"none\"} -->\n<figure class=\"wp-block-image size-full\"><img loading=\"lazy\" decoding=\"async\" width=\"1024\" height=\"227\" src=\"http:\/\/rcszo.ch\/wordpress\/wp-content\/uploads\/2026\/04\/beitragtitel-DF-Training_Risi-Mai-1024x400-1.jpg\" alt=\"\" class=\"wp-image-6608\" srcset=\"http:\/\/rcszo.ch\/wordpress\/wp-content\/uploads\/2026\/04\/beitragtitel-DF-Training_Risi-Mai-1024x400-1.jpg 1024w, http:\/\/rcszo.ch\/wordpress\/wp-content\/uploads\/2026\/04\/beitragtitel-DF-Training_Risi-Mai-1024x400-1-300x67.jpg 300w, http:\/\/rcszo.ch\/wordpress\/wp-content\/uploads\/2026\/04\/beitragtitel-DF-Training_Risi-Mai-1024x400-1-768x170.jpg 768w, http:\/\/rcszo.ch\/wordpress\/wp-content\/uploads\/2026\/04\/beitragtitel-DF-Training_Risi-Mai-1024x400-1-900x200.jpg 900w, http:\/\/rcszo.ch\/wordpress\/wp-content\/uploads\/2026\/04\/beitragtitel-DF-Training_Risi-Mai-1024x400-1-150x33.jpg 150w\" sizes=\"auto, (max-width: 1024px) 100vw, 1024px\" \/><\/figure>\n<!-- \/wp:image -->\n\n<!-- wp:paragraph -->\n<p><strong>Die DF95 Trainingsregatta vom Samstag 09.05.2026 findet an der Risi statt.<\/strong><br>Der Tag soll als Trainingstag unter Regattabedingungen verstanden werden. Ideal f\u00fcr Neueinsteiger oder solche die zum ersten Mal Regattaluft schnuppern wollen.<br><em>\u00dcber die effektive Durchf\u00fchrung wird am Mittwoch 06.05.2025 entschieden.<\/em><\/p>\n<!-- \/wp:paragraph -->\n\n<!-- wp:paragraph -->\n<p><strong>Ablauf<\/strong><br>09:00 -10:00 Eintreffen am Segelort<br>10:00 -16:00 Segeln, Trimmen, Plaudern (je nach Windgegebenheit)<\/p>\n<!-- \/wp:paragraph -->\n\n<!-- wp:paragraph -->\n<p><em>Aktuell 1 Segler gemeldet <sup>(Stand 26.04.)<\/sup><\/em><br><sup><em>Oli, <\/em><\/sup><\/p>\n<!-- \/wp:paragraph --><\/div><\/li>\n<li><a class=\"wp-block-latest-posts__post-title\" href=\"http:\/\/rcszo.ch\/wordpress\/2026\/04\/01\/df95-trainingsregatta-risi-uerikon-18-04-2026\/\">DF95 Trainingsregatta \u2013 Risi 18.04.2026<\/a><time datetime=\"2026-04-01T18:28:30+00:00\" class=\"wp-block-latest-posts__post-date\">1. April 2026<\/time><div class=\"wp-block-latest-posts__post-full-content\"><!-- wp:image {\"id\":6591,\"sizeSlug\":\"full\",\"linkDestination\":\"none\"} -->\n<figure class=\"wp-block-image size-full\"><img loading=\"lazy\" decoding=\"async\" width=\"1024\" height=\"302\" src=\"https:\/\/rcszo.ch\/wordpress\/wp-content\/uploads\/2026\/04\/beitragtitel-DF95-Training-Risi-April-1024x400-1.jpg\" alt=\"\" class=\"wp-image-6591\" srcset=\"http:\/\/rcszo.ch\/wordpress\/wp-content\/uploads\/2026\/04\/beitragtitel-DF95-Training-Risi-April-1024x400-1.jpg 1024w, http:\/\/rcszo.ch\/wordpress\/wp-content\/uploads\/2026\/04\/beitragtitel-DF95-Training-Risi-April-1024x400-1-300x88.jpg 300w, http:\/\/rcszo.ch\/wordpress\/wp-content\/uploads\/2026\/04\/beitragtitel-DF95-Training-Risi-April-1024x400-1-768x227.jpg 768w, http:\/\/rcszo.ch\/wordpress\/wp-content\/uploads\/2026\/04\/beitragtitel-DF95-Training-Risi-April-1024x400-1-900x265.jpg 900w, http:\/\/rcszo.ch\/wordpress\/wp-content\/uploads\/2026\/04\/beitragtitel-DF95-Training-Risi-April-1024x400-1-150x44.jpg 150w\" sizes=\"auto, (max-width: 1024px) 100vw, 1024px\" \/><\/figure>\n<!-- \/wp:image -->\n\n<!-- wp:paragraph -->\n<p><strong>Die DF95 Trainingsregatta vom Samstag 18.04.2026 findet an der Risi statt.<\/strong><br>Der Tag soll als Trainingstag unter Regattabedingungen verstanden werden. Ideal f\u00fcr Neueinsteiger oder solche die zum ersten Mal Regattaluft schnuppern wollen.<br><em>\u00dcber die effektive Durchf\u00fchrung wird am Mittwoch 15.04.2025 entschieden.<\/em><\/p>\n<!-- \/wp:paragraph -->\n\n<!-- wp:paragraph -->\n<p><strong>Ablauf<\/strong><br>09:00 -10:00 Eintreffen am Segelort<br>10:00 -16:00 Segeln, Trimmen, Plaudern (je nach Windgegebenheit)<\/p>\n<!-- \/wp:paragraph -->\n\n<!-- wp:paragraph -->\n<p><em>Aktuell 5 Segler gemeldet <sup>(Stand 17.04.)<\/sup><\/em><br><sup><em>Beat, Oli, Martin, Beat, Walter,<\/em><\/sup><\/p>\n<!-- \/wp:paragraph --><\/div><\/li>\n<li><a class=\"wp-block-latest-posts__post-title\" href=\"http:\/\/rcszo.ch\/wordpress\/2026\/03\/29\/bericht-iom-swisscup-2025-oberaegeri-2\/\">Bericht: IOM Swisscup 2025, Ober\u00e4geri<\/a><time datetime=\"2026-03-29T15:51:11+00:00\" class=\"wp-block-latest-posts__post-date\">29. M\u00e4rz 2026<\/time><div class=\"wp-block-latest-posts__post-full-content\"><!-- wp:image {\"id\":6551,\"sizeSlug\":\"full\",\"linkDestination\":\"none\"} -->\n<figure class=\"wp-block-image size-full\"><img loading=\"lazy\" decoding=\"async\" width=\"1024\" height=\"302\" src=\"https:\/\/rcszo.ch\/wordpress\/wp-content\/uploads\/2026\/03\/beitragtitel-IOM-Training-1024x400-1.jpg\" alt=\"\" class=\"wp-image-6551\" srcset=\"http:\/\/rcszo.ch\/wordpress\/wp-content\/uploads\/2026\/03\/beitragtitel-IOM-Training-1024x400-1.jpg 1024w, http:\/\/rcszo.ch\/wordpress\/wp-content\/uploads\/2026\/03\/beitragtitel-IOM-Training-1024x400-1-300x88.jpg 300w, http:\/\/rcszo.ch\/wordpress\/wp-content\/uploads\/2026\/03\/beitragtitel-IOM-Training-1024x400-1-768x227.jpg 768w, http:\/\/rcszo.ch\/wordpress\/wp-content\/uploads\/2026\/03\/beitragtitel-IOM-Training-1024x400-1-900x265.jpg 900w, http:\/\/rcszo.ch\/wordpress\/wp-content\/uploads\/2026\/03\/beitragtitel-IOM-Training-1024x400-1-150x44.jpg 150w\" sizes=\"auto, (max-width: 1024px) 100vw, 1024px\" \/><\/figure>\n<!-- \/wp:image -->\n\n<!-- wp:paragraph -->\n<p>Insgesamt 12 Segler haben sich zur IOM SwissCup Regatta 2026 bei top Winterbedingungen in Ober\u00e4geri eingefunden. Lag am Morgen doch 10cm Neuschnee vor Ort.<br>Der Kurs vom Vortag musste komplett umgestellt werden. Dann konnte es auch schon losgehen!! Die ersten 3 L\u00e4ufe mit leichtem Nord-Ostwind. Um 12 gab es wie am Samstag Bratwurst\/Pommes im Seebeizli. Wow, war das sch\u00f6n an der W\u00e4rme, musste sich doch der eine oder andere aufw\u00e4rmen. Nach dem Essen und der B\u00fcroarbeit des Vermessers, konnte dann bei auffrischender Bise weitere 8 L\u00e4ufe gesegelt werden.<br>Gesegelt wurden insgesamt 11 L\u00e4ufe, die dank freundschaftlich und sauberen segeln ohne gr\u00f6ssere Probleme abgehalten werden konnten. Ausser das eine IOM leider viel zu fr\u00fch wegen technischem Defekt aus dem Renngeschehen scheiden musste.<br>Alle Teilnehmer haben den Tag in Ober\u00e4geri sehr genossen und bedankten sich bei der Rennleitung und deren Helfer. Dies hat auch das Teilnehmerfeld gezeigt, welches aus allen Landesteilen angereist war.<br>Der RCSZO bedankt sich bei allen Teilnehmern und freut sich auf die n\u00e4chste Regatta. Bis bald am See\u2026<br><br><strong><a href=\"https:\/\/rcszo.ch\/wordpress\/iom-swisscup-oberaegeri-2026\/\">Fotoalbum<\/a><\/strong><\/p>\n<!-- \/wp:paragraph -->\n\n<!-- wp:image {\"id\":6550,\"sizeSlug\":\"full\",\"linkDestination\":\"media\"} -->\n<figure class=\"wp-block-image size-full\"><a href=\"https:\/\/rcszo.ch\/wordpress\/wp-content\/uploads\/2026\/03\/IOM_Swisscup_Oberaeger_29-03-2026.jpg\"><img loading=\"lazy\" decoding=\"async\" width=\"943\" height=\"527\" src=\"https:\/\/rcszo.ch\/wordpress\/wp-content\/uploads\/2026\/03\/IOM_Swisscup_Oberaeger_29-03-2026.jpg\" alt=\"\" class=\"wp-image-6550\" srcset=\"http:\/\/rcszo.ch\/wordpress\/wp-content\/uploads\/2026\/03\/IOM_Swisscup_Oberaeger_29-03-2026.jpg 943w, http:\/\/rcszo.ch\/wordpress\/wp-content\/uploads\/2026\/03\/IOM_Swisscup_Oberaeger_29-03-2026-300x168.jpg 300w, http:\/\/rcszo.ch\/wordpress\/wp-content\/uploads\/2026\/03\/IOM_Swisscup_Oberaeger_29-03-2026-768x429.jpg 768w, http:\/\/rcszo.ch\/wordpress\/wp-content\/uploads\/2026\/03\/IOM_Swisscup_Oberaeger_29-03-2026-626x350.jpg 626w, http:\/\/rcszo.ch\/wordpress\/wp-content\/uploads\/2026\/03\/IOM_Swisscup_Oberaeger_29-03-2026-150x84.jpg 150w\" sizes=\"auto, (max-width: 943px) 100vw, 943px\" \/><\/a><\/figure>\n<!-- \/wp:image --><\/div><\/li>\n<li><a class=\"wp-block-latest-posts__post-title\" href=\"http:\/\/rcszo.ch\/wordpress\/2026\/03\/28\/bericht-df95-swisscup-2026-oberaegeri\/\">Bericht: DF95 Swisscup 2026, Ober\u00e4geri<\/a><time datetime=\"2026-03-28T17:08:18+00:00\" class=\"wp-block-latest-posts__post-date\">28. M\u00e4rz 2026<\/time><div class=\"wp-block-latest-posts__post-full-content\"><!-- wp:image {\"id\":6509,\"sizeSlug\":\"full\",\"linkDestination\":\"none\"} -->\n<figure class=\"wp-block-image size-full\"><img loading=\"lazy\" decoding=\"async\" width=\"1024\" height=\"302\" src=\"https:\/\/rcszo.ch\/wordpress\/wp-content\/uploads\/2026\/03\/beitragtitel-DF_swisscup_oberaegeri-2026.jpg\" alt=\"\" class=\"wp-image-6509\" srcset=\"http:\/\/rcszo.ch\/wordpress\/wp-content\/uploads\/2026\/03\/beitragtitel-DF_swisscup_oberaegeri-2026.jpg 1024w, http:\/\/rcszo.ch\/wordpress\/wp-content\/uploads\/2026\/03\/beitragtitel-DF_swisscup_oberaegeri-2026-300x88.jpg 300w, http:\/\/rcszo.ch\/wordpress\/wp-content\/uploads\/2026\/03\/beitragtitel-DF_swisscup_oberaegeri-2026-768x227.jpg 768w, http:\/\/rcszo.ch\/wordpress\/wp-content\/uploads\/2026\/03\/beitragtitel-DF_swisscup_oberaegeri-2026-900x265.jpg 900w, http:\/\/rcszo.ch\/wordpress\/wp-content\/uploads\/2026\/03\/beitragtitel-DF_swisscup_oberaegeri-2026-150x44.jpg 150w\" sizes=\"auto, (max-width: 1024px) 100vw, 1024px\" \/><\/figure>\n<!-- \/wp:image -->\n\n<!-- wp:paragraph -->\n<p><strong>Es brauchte vor allem eines \u2013 Gute Nerven.<\/strong> So kann man in einfachen Worten die DF95-Regatta in Ober\u00e4geri beschreiben.<br>Insgesamt 11 Segler haben den ersten DF95 Swisscup der Saison in Ober\u00e4geri bei sehr kaltem, aber supersch\u00f6nem Wetter bestritten. Mit etwas Verz\u00f6gerung konnte der erste Lauf bei leichten Winden gestartet werden. Es waren Nerven und Fingerspitzen Gef\u00fchl gefragt, war der Wind doch ziemlich launisch. Von etwas- bis nichts und vielleicht einer B\u00f6e, musste jeder sicher mal merken das er im Sprichw\u00f6rtlichen \u201eSchilf draussen steht\u201c. \u00dcber den ganzen Regattatag gesehen wurde von allen Teilnehmern sehr fair gesegelt.<br>Mit der 1-st\u00fcndigen Mittagspause im warmen, bei Bratwurst und Pommes konnte bis 15:30 Uhr nur 5 L\u00e4ufe mehr recht als schlecht, gesegelt werden. Die Schneefront war im Anmarsch, die Teilnehmer duchgek\u00fchlt, daher grad richtig um Schluss zu machen und noch trocken zu verr\u00e4umen.<br>Vielen Dank an alle Teilnehmer und an alle Helfer.<br><br><a href=\"https:\/\/rcszo.ch\/wordpress\/df95-swisscup-oberaegeri-2026\/\"><strong>Fotoalbum<\/strong><\/a> <\/p>\n<!-- \/wp:paragraph -->\n\n<!-- wp:image {\"id\":6507,\"sizeSlug\":\"medium\",\"linkDestination\":\"media\"} -->\n<figure class=\"wp-block-image size-medium\"><a href=\"https:\/\/rcszo.ch\/wordpress\/wp-content\/uploads\/2026\/03\/DF95_Swisscup_Oberaeger_28-03-2026.jpg\"><img loading=\"lazy\" decoding=\"async\" width=\"300\" height=\"247\" src=\"https:\/\/rcszo.ch\/wordpress\/wp-content\/uploads\/2026\/03\/DF95_Swisscup_Oberaeger_28-03-2026-300x247.jpg\" alt=\"\" class=\"wp-image-6507\" srcset=\"http:\/\/rcszo.ch\/wordpress\/wp-content\/uploads\/2026\/03\/DF95_Swisscup_Oberaeger_28-03-2026-300x247.jpg 300w, http:\/\/rcszo.ch\/wordpress\/wp-content\/uploads\/2026\/03\/DF95_Swisscup_Oberaeger_28-03-2026-426x350.jpg 426w, http:\/\/rcszo.ch\/wordpress\/wp-content\/uploads\/2026\/03\/DF95_Swisscup_Oberaeger_28-03-2026-150x123.jpg 150w, http:\/\/rcszo.ch\/wordpress\/wp-content\/uploads\/2026\/03\/DF95_Swisscup_Oberaeger_28-03-2026.jpg 600w\" sizes=\"auto, (max-width: 300px) 100vw, 300px\" \/><\/a><\/figure>\n<!-- \/wp:image --><\/div><\/li>\n<li><a class=\"wp-block-latest-posts__post-title\" href=\"http:\/\/rcszo.ch\/wordpress\/2026\/03\/14\/bericht-2-kapuzinerzipfel-regatta-14-maerz-2026\/\">Bericht: 2. Kapuzinerzipfel-Regatta 14.M\u00e4rz 2026<\/a><time datetime=\"2026-03-14T16:52:39+00:00\" class=\"wp-block-latest-posts__post-date\">14. M\u00e4rz 2026<\/time><div class=\"wp-block-latest-posts__post-full-content\"><!-- wp:image {\"id\":6457,\"sizeSlug\":\"full\",\"linkDestination\":\"none\"} -->\n<figure class=\"wp-block-image size-full\"><img loading=\"lazy\" decoding=\"async\" width=\"1024\" height=\"302\" src=\"https:\/\/rcszo.ch\/wordpress\/wp-content\/uploads\/2026\/03\/beitragtitel-zipfel-2026-1024x400-1.jpg\" alt=\"\" class=\"wp-image-6457\" srcset=\"http:\/\/rcszo.ch\/wordpress\/wp-content\/uploads\/2026\/03\/beitragtitel-zipfel-2026-1024x400-1.jpg 1024w, http:\/\/rcszo.ch\/wordpress\/wp-content\/uploads\/2026\/03\/beitragtitel-zipfel-2026-1024x400-1-300x88.jpg 300w, http:\/\/rcszo.ch\/wordpress\/wp-content\/uploads\/2026\/03\/beitragtitel-zipfel-2026-1024x400-1-768x227.jpg 768w, http:\/\/rcszo.ch\/wordpress\/wp-content\/uploads\/2026\/03\/beitragtitel-zipfel-2026-1024x400-1-900x265.jpg 900w, http:\/\/rcszo.ch\/wordpress\/wp-content\/uploads\/2026\/03\/beitragtitel-zipfel-2026-1024x400-1-150x44.jpg 150w\" sizes=\"auto, (max-width: 1024px) 100vw, 1024px\" \/><\/figure>\n<!-- \/wp:image -->\n\n<!-- wp:paragraph -->\n<p>Am Samstag, 14. M\u00e4rz, fand die 2. Kapuzinerzipfel Regatta in Rapperswil SG statt. Insgesamt 16 Segler waren gemeldet. Dank dem superkalten und nassem Wetter waren es dann nur noch 11 Boote an der Startlinie. Wir d\u00fcrfen uns als Veranstalter gl\u00fccklich sch\u00e4tzen das bei diesem Wetterbericht noch Segler den Weg nach Rapperswil gefunden haben.<br>Wind und Wellen waren mehr als genug vorhanden, sodass die IOM-Boote den 1. Lauf mit B-Rigg starteten. Man munkelte es sei eher eine Umrundung des Kap Horn: st\u00fcrmisch, Wellen, Regen und kalt. <br>Mit jeweils Laufzeiten zwischen 14 \u2013 30 Minuten waren alle einiges schneller unterwegs als im Vorjahr.<br>L\u00e4ufe 2-4 waren dann wenig leichter, die See war nicht mehr ganz so rau und der Wind lies auch ein A-Rigg zu.<br><br>Auch waren die Teilnehmer gefordert mit dem allj\u00e4hrlich niedrigen Wasserstand, welcher dazu f\u00fchrte, dass der Zipfel sehr weit draussen umrundet werden musste, um nicht auf Grund zu laufen. Dazu hat das Orga-Team vorab Sicherheitsbojen gelegt. Bootsausf\u00e4lle gab es leider auch, die konnten aber jeweils einigermassen z\u00fcgig und sicher geborgen werden.<br><br>Alle Teilnehmer wie auch das Organisationsteam haben den Tag am Kapuzinerzipfel &#8222;genossen&#8220; (so gut es ging bei dem Schiffwetter). Es hat nur einmal geregnet, daf\u00fcr stetig und heftig.<br><br>Anhand der Teilnehmer Resonanz wird die Kapuzinerzipfel Regatta im Jahr 2027 folgen. Jedoch mit der bitte, auch sch\u00f6nes Wetter zu bestellen.<br>Der RCSZO bedankt sich nochmals herzlichst bei allen Teilnehmern und freut sich auf eine Kapuzinerzipfel 3.0.<\/p>\n<!-- \/wp:paragraph -->\n\n<!-- wp:paragraph -->\n<p><strong><a href=\"https:\/\/rcszo.ch\/wordpress\/2-kapuzinerzipfel-regatta-2026-rapperswil-sg\/\">Fotoalbum<\/a><\/strong><\/p>\n<!-- \/wp:paragraph -->\n\n<!-- wp:image {\"id\":6458,\"sizeSlug\":\"medium\",\"linkDestination\":\"media\"} -->\n<figure class=\"wp-block-image size-medium\"><a href=\"https:\/\/rcszo.ch\/wordpress\/wp-content\/uploads\/2026\/03\/Rangliste-Kapuzinerzipfel-2026.jpg\"><img loading=\"lazy\" decoding=\"async\" width=\"300\" height=\"158\" src=\"https:\/\/rcszo.ch\/wordpress\/wp-content\/uploads\/2026\/03\/Rangliste-Kapuzinerzipfel-2026-300x158.jpg\" alt=\"\" class=\"wp-image-6458\" srcset=\"http:\/\/rcszo.ch\/wordpress\/wp-content\/uploads\/2026\/03\/Rangliste-Kapuzinerzipfel-2026-300x158.jpg 300w, http:\/\/rcszo.ch\/wordpress\/wp-content\/uploads\/2026\/03\/Rangliste-Kapuzinerzipfel-2026-768x404.jpg 768w, http:\/\/rcszo.ch\/wordpress\/wp-content\/uploads\/2026\/03\/Rangliste-Kapuzinerzipfel-2026-666x350.jpg 666w, http:\/\/rcszo.ch\/wordpress\/wp-content\/uploads\/2026\/03\/Rangliste-Kapuzinerzipfel-2026-150x79.jpg 150w, http:\/\/rcszo.ch\/wordpress\/wp-content\/uploads\/2026\/03\/Rangliste-Kapuzinerzipfel-2026.jpg 949w\" sizes=\"auto, (max-width: 300px) 100vw, 300px\" \/><\/a><\/figure>\n<!-- \/wp:image --><\/div><\/li>\n<li><a class=\"wp-block-latest-posts__post-title\" href=\"http:\/\/rcszo.ch\/wordpress\/2026\/03\/06\/swisscup-weekend-28-29-03-2026\/\">SwissCup Weekend 28.\/29.03.2026<\/a><time datetime=\"2026-03-06T21:17:50+00:00\" class=\"wp-block-latest-posts__post-date\">6. M\u00e4rz 2026<\/time><div class=\"wp-block-latest-posts__post-full-content\"><!-- wp:image {\"id\":5787,\"sizeSlug\":\"full\",\"linkDestination\":\"none\"} -->\n<figure class=\"wp-block-image size-full\"><img loading=\"lazy\" decoding=\"async\" width=\"1024\" height=\"302\" src=\"http:\/\/rcszo.ch\/wordpress\/wp-content\/uploads\/2025\/03\/beitragtitel-aegeri-1024x400-1.jpg\" alt=\"\" class=\"wp-image-5787\" srcset=\"http:\/\/rcszo.ch\/wordpress\/wp-content\/uploads\/2025\/03\/beitragtitel-aegeri-1024x400-1.jpg 1024w, http:\/\/rcszo.ch\/wordpress\/wp-content\/uploads\/2025\/03\/beitragtitel-aegeri-1024x400-1-300x88.jpg 300w, http:\/\/rcszo.ch\/wordpress\/wp-content\/uploads\/2025\/03\/beitragtitel-aegeri-1024x400-1-768x227.jpg 768w, http:\/\/rcszo.ch\/wordpress\/wp-content\/uploads\/2025\/03\/beitragtitel-aegeri-1024x400-1-900x265.jpg 900w, http:\/\/rcszo.ch\/wordpress\/wp-content\/uploads\/2025\/03\/beitragtitel-aegeri-1024x400-1-150x44.jpg 150w\" sizes=\"auto, (max-width: 1024px) 100vw, 1024px\" \/><\/figure>\n<!-- \/wp:image -->\n\n<!-- wp:paragraph -->\n<p>Der\u00a0<strong><em>RCSZO<\/em><\/strong>\u00a0freut sich als Veranstalter ein <strong>SwissCup<\/strong> Weekend f\u00fcr die beiden Klassen <strong>DragonFlite 95<\/strong> &amp; <strong>IOM<\/strong> in Ober\u00e4geri austragen zu d\u00fcrfen. Wir laden herzlich alle DF95 Skipper am Samstag und IOM Skipper am Sonntag an dieses tolle Wochenende ein. Nat\u00fcrlich hoffen wir auf Wind und gutes Wetter.<\/p>\n<!-- \/wp:paragraph -->\n\n<!-- wp:paragraph -->\n<p><strong><a href=\"http:\/\/rcszo.ch\/wordpress\/wp-content\/uploads\/2026\/02\/Ausschreibung-NOR_SC-DF95_2026-03-28_Oberaegeri.pdf\">Ausschreibung SwissCup DF95 (NOR)<\/a><\/strong> <em>Samstag 28.03.202<\/em>5<br><strong><a href=\"http:\/\/rcszo.ch\/wordpress\/wp-content\/uploads\/2026\/02\/Ausschreibung-NOR_SC-IOM_2026-03-29_Oberaegeri.pdf\">Ausschreibung SwissCup IOM(NOR)<\/a><\/strong> <em>Sonntag 29.03.2025<\/em><\/p>\n<!-- \/wp:paragraph -->\n\n<!-- wp:paragraph -->\n<p>Also los\u2026 bis bald in Ober\u00e4geri.<br><\/p>\n<!-- \/wp:paragraph -->\n\n<!-- wp:paragraph -->\n<p><strong>Meldungen<\/strong> (<em>Stand 28.03.2026<\/em>):<\/p>\n<!-- \/wp:paragraph -->\n\n<!-- wp:table -->\n<figure class=\"wp-block-table\"><table class=\"has-fixed-layout\"><tbody><tr><td><strong>Sa. 28.03.2025 &#8211; DF95<\/strong><\/td><td><strong>So. 29.03.2025 &#8211; IOM<\/strong><\/td><\/tr><tr><td>Beat Peter, SUI-63<\/td><td>Beat Peter, SUI-63<\/td><\/tr><tr><td>Walter Aschwanden, SUI-59<\/td><td>Walter Aschwanden, SUI-59<\/td><\/tr><tr><td>Patrick Sager, SUI-317<\/td><td>Ernst Rohner, SUI-20<\/td><\/tr><tr><td>Matteo Mella, SUI-50<\/td><td>Matteo Mella, SUI-50<\/td><\/tr><tr><td>Benedetto Pedrazzini, SUI-103<\/td><td><s>Christian Rogivue, SUI-202<\/s><\/td><\/tr><tr><td>Timur Kishubaiev, UKR-34<\/td><td>Daniel Boss, SUI-04<\/td><\/tr><tr><td>Martin Biallas, SUI-28<\/td><td>Urban Grossholz, SUI-75<\/td><\/tr><tr><td>Walter Bieri, SUI-357<\/td><td><s>Stefan von Ah, SUI-39<\/s><\/td><\/tr><tr><td>Gr\u00e9goire Pilly, SUI-43<\/td><td>Ren\u00e9 Baumann, SUI-428<\/td><\/tr><tr><td>Jean-Pierre Geiser, SUI-3<\/td><td>Benedetto Pedrazzini, SUI-103<\/td><\/tr><tr><td>Herv\u00e9 Godefroy, FRA-428<\/td><td>Timur Kishubaiev, UKR-34<\/td><\/tr><tr><td><\/td><td>Oskar Hodel, SUI-56<\/td><\/tr><tr><td><\/td><td><s>Hans Baumgartner, SUI-40<\/s><\/td><\/tr><tr><td><\/td><td><s>Renato Buzzi, SUI-22<\/s><\/td><\/tr><tr><td><\/td><td><s>Marco Signorelli, SUI-12<\/s><\/td><\/tr><tr><td><\/td><td><s>Matteo Longhi, SUI-11<\/s><\/td><\/tr><tr><td><\/td><td><s>Martin Sauter, SUI-45<\/s><\/td><\/tr><tr><td><\/td><td>Daniel Gut, SUI-31<\/td><\/tr><tr><td><\/td><td>Reinhold Schmid, SUI-14<\/td><\/tr><\/tbody><\/table><\/figure>\n<!-- \/wp:table -->\n\n<!-- wp:paragraph -->\n<p><\/p>\n<!-- \/wp:paragraph --><\/div><\/li>\n<li><a class=\"wp-block-latest-posts__post-title\" href=\"http:\/\/rcszo.ch\/wordpress\/2026\/03\/01\/2-kapuzinerzipfel-regatta\/\">2. Kapuzinerzipfel \u2013 Regatta<\/a><time datetime=\"2026-03-01T09:43:27+00:00\" class=\"wp-block-latest-posts__post-date\">1. M\u00e4rz 2026<\/time><div class=\"wp-block-latest-posts__post-full-content\"><!-- wp:image {\"id\":6260,\"sizeSlug\":\"full\",\"linkDestination\":\"none\"} -->\n<figure class=\"wp-block-image size-full\"><img loading=\"lazy\" decoding=\"async\" width=\"1024\" height=\"302\" src=\"http:\/\/rcszo.ch\/wordpress\/wp-content\/uploads\/2025\/12\/beitragtitel-Kapuzinerzipfel-1024x400_mit-Datum.jpg\" alt=\"\" class=\"wp-image-6260\" srcset=\"http:\/\/rcszo.ch\/wordpress\/wp-content\/uploads\/2025\/12\/beitragtitel-Kapuzinerzipfel-1024x400_mit-Datum.jpg 1024w, http:\/\/rcszo.ch\/wordpress\/wp-content\/uploads\/2025\/12\/beitragtitel-Kapuzinerzipfel-1024x400_mit-Datum-300x88.jpg 300w, http:\/\/rcszo.ch\/wordpress\/wp-content\/uploads\/2025\/12\/beitragtitel-Kapuzinerzipfel-1024x400_mit-Datum-768x227.jpg 768w, http:\/\/rcszo.ch\/wordpress\/wp-content\/uploads\/2025\/12\/beitragtitel-Kapuzinerzipfel-1024x400_mit-Datum-900x265.jpg 900w, http:\/\/rcszo.ch\/wordpress\/wp-content\/uploads\/2025\/12\/beitragtitel-Kapuzinerzipfel-1024x400_mit-Datum-150x44.jpg 150w\" sizes=\"auto, (max-width: 1024px) 100vw, 1024px\" \/><\/figure>\n<!-- \/wp:image -->\n\n<!-- wp:paragraph -->\n<p>Der <strong><em>RCSZO<\/em><\/strong> organisiert die 2. Modellsegel Regatta um den Kapuzinerzipfel in Rapperswil SG, f\u00fcr alle Bootsklassen die mit Wind Vortrieb finden.<br>Es geht, je nach Windst\u00e4rke um sportlich, gem\u00fctliches segeln und spazieren. Wie der Name schon sagt, es wird um den Kapuzinerzipfel in Rappi gesegelt. Heisst also, es werden pro Lauf etwas mehr als 550m Distanz, auf gutem Kiesweg, zum mitgehen sein.<\/p>\n<!-- \/wp:paragraph -->\n\n<!-- wp:paragraph -->\n<p>Weiter Details findet ihr in der Ausschreibung oder auf der eigens erstellten Seite (siehe Men\u00fc)<br><strong><a href=\"http:\/\/rcszo.ch\/wordpress\/wp-content\/uploads\/2025\/12\/Kapuzinerzipfel-Regatta-Ausschreibung.pdf\">Ausschreibung<\/a><\/strong><\/p>\n<!-- \/wp:paragraph -->\n\n<!-- wp:table -->\n<figure class=\"wp-block-table\"><table class=\"has-fixed-layout\"><tbody><tr><td><strong>Teilnehmerliste:<\/strong><br>Walter Aschwanden &#8211; IOM<br>Beat Peter &#8211; DF95<br>Hansueli G\u00f6ldi &#8211; DF95<br>Walter Bieri &#8211; DF95<br>Patrick Sager &#8211; DF95<br>Beat B\u00fchler &#8211; DF95<br>Oskar Hodel &#8211; IOM<br>Reinhold Schmid &#8211; IOM<br>Brigitte Faller &#8211; DF95<br>Roland Wernli &#8211; DF95<br>Peter Kehrer &#8211; IOM<br>Markus Frey &#8211; DF95<br>Michael Haase &#8211; DF95<br>Michael Geiger &#8211; DF95<br>Martin Biallas &#8211; DF95<br>Arnold H\u00e4chler &#8211; 3&#215;1<\/td><\/tr><\/tbody><\/table><\/figure>\n<!-- \/wp:table -->\n\n<!-- wp:table {\"metadata\":{\"blockVisibility\":false}} -->\n<figure class=\"wp-block-table\"><table class=\"has-fixed-layout\"><tbody><tr><td>Aschwanden<\/td><td>Walter<\/td><\/tr><tr><td>Peter<\/td><td>Beat<\/td><\/tr><tr><td>G\u00f6ldi<\/td><td>Hansueli<\/td><\/tr><tr><td>Bieri<\/td><td>Walter<\/td><\/tr><tr><td>Sager<\/td><td>Patrick<\/td><\/tr><tr><td>B\u00fchler<\/td><td>Beat<\/td><\/tr><tr><td>Hodel<\/td><td>Oskar<\/td><\/tr><tr><td>Schmid<\/td><td>Reinhold<\/td><\/tr><\/tbody><\/table><\/figure>\n<!-- \/wp:table -->\n\n<!-- wp:image {\"id\":5655,\"sizeSlug\":\"thumbnail\",\"linkDestination\":\"none\",\"align\":\"right\"} -->\n<figure class=\"wp-block-image alignright size-thumbnail\"><img loading=\"lazy\" decoding=\"async\" width=\"150\" height=\"150\" src=\"https:\/\/rcszo.ch\/wordpress\/wp-content\/uploads\/2024\/12\/Roestbar-Bus_mit-Logo-150x150.jpg\" alt=\"\" class=\"wp-image-5655\" \/><\/figure>\n<!-- \/wp:image -->\n\n<!-- wp:paragraph -->\n<p><br><\/p>\n<!-- \/wp:paragraph -->\n\n<!-- wp:paragraph -->\n<p><strong>R\u00d6STBAR \u2013 die Kaffeemanufaktur in \u00dcetikon am See<\/strong><br>wird mit ihrem Verkaufswagen vor Ort sein und f\u00fcr uns warmen Kaffe anbieten.<\/p>\n<!-- \/wp:paragraph --><\/div><\/li>\n<li><a class=\"wp-block-latest-posts__post-title\" href=\"http:\/\/rcszo.ch\/wordpress\/2026\/02\/14\/df95-iom-trainings-regatta-risi-uerikon-28-02-2026\/\">DF95\/IOM Training \u2013 Risi (Uerikon) 28.02.2026<\/a><time datetime=\"2026-02-14T15:11:22+00:00\" class=\"wp-block-latest-posts__post-date\">14. Februar 2026<\/time><div class=\"wp-block-latest-posts__post-full-content\"><!-- wp:image {\"id\":6376,\"sizeSlug\":\"full\",\"linkDestination\":\"none\"} -->\n<figure class=\"wp-block-image size-full\"><img loading=\"lazy\" decoding=\"async\" width=\"1024\" height=\"302\" src=\"https:\/\/rcszo.ch\/wordpress\/wp-content\/uploads\/2026\/02\/beitragtitel-DF-Training-1024x400-1.jpg\" alt=\"\" class=\"wp-image-6376\" srcset=\"http:\/\/rcszo.ch\/wordpress\/wp-content\/uploads\/2026\/02\/beitragtitel-DF-Training-1024x400-1.jpg 1024w, http:\/\/rcszo.ch\/wordpress\/wp-content\/uploads\/2026\/02\/beitragtitel-DF-Training-1024x400-1-300x88.jpg 300w, http:\/\/rcszo.ch\/wordpress\/wp-content\/uploads\/2026\/02\/beitragtitel-DF-Training-1024x400-1-768x227.jpg 768w, http:\/\/rcszo.ch\/wordpress\/wp-content\/uploads\/2026\/02\/beitragtitel-DF-Training-1024x400-1-900x265.jpg 900w, http:\/\/rcszo.ch\/wordpress\/wp-content\/uploads\/2026\/02\/beitragtitel-DF-Training-1024x400-1-150x44.jpg 150w\" sizes=\"auto, (max-width: 1024px) 100vw, 1024px\" \/><\/figure>\n<!-- \/wp:image -->\n\n<!-- wp:paragraph -->\n<p><strong><strong>Die erste DF\/IOM Training vom Samstag 28.02.2026 findet an der Risi statt.<\/strong><\/strong><br>Der Tag soll als Trainingstag unter Regattabedingungen verstanden werden. Ideal f\u00fcr Neueinsteiger oder solche die zum ersten Mal Regattaluft schnuppern wollen.<br><em>\u00dcber die effektive Durchf\u00fchrung wird am Mittwoch 25.02.2025 entschieden.<\/em><\/p>\n<!-- \/wp:paragraph -->\n\n<!-- wp:paragraph -->\n<p><strong>Ablauf<\/strong><br>09:15 -10:00 Eintreffen am Segelort<br>10:00 -15:00 Segeln, Trimmen, Plaudern (je nach Windgegebenheit)<\/p>\n<!-- \/wp:paragraph -->\n\n<!-- wp:paragraph -->\n<p><em>Aktuell 6 Segler gemeldet <sup>(Stand 27.02.)<\/sup><\/em><br><sup><em>Beat, Oli, Patrick, Matteo, Herv\u00e9, Hansueli<\/em><\/sup><\/p>\n<!-- \/wp:paragraph -->\n\n<!-- wp:paragraph -->\n<p><\/p>\n<!-- \/wp:paragraph --><\/div><\/li>\n<li><a class=\"wp-block-latest-posts__post-title\" href=\"http:\/\/rcszo.ch\/wordpress\/2026\/01\/02\/1-segeln-2026-an-der-risi\/\">1. Segeln 2026 an der Risi<\/a><time datetime=\"2026-01-02T09:11:02+00:00\" class=\"wp-block-latest-posts__post-date\">2. Januar 2026<\/time><div class=\"wp-block-latest-posts__post-full-content\"><!-- wp:image {\"id\":6352,\"sizeSlug\":\"full\",\"linkDestination\":\"none\"} -->\n<figure class=\"wp-block-image size-full\"><img loading=\"lazy\" decoding=\"async\" width=\"1024\" height=\"302\" src=\"https:\/\/rcszo.ch\/wordpress\/wp-content\/uploads\/2026\/01\/beitragtitel-1_segeln.jpg\" alt=\"\" class=\"wp-image-6352\" srcset=\"http:\/\/rcszo.ch\/wordpress\/wp-content\/uploads\/2026\/01\/beitragtitel-1_segeln.jpg 1024w, http:\/\/rcszo.ch\/wordpress\/wp-content\/uploads\/2026\/01\/beitragtitel-1_segeln-300x88.jpg 300w, http:\/\/rcszo.ch\/wordpress\/wp-content\/uploads\/2026\/01\/beitragtitel-1_segeln-768x227.jpg 768w, http:\/\/rcszo.ch\/wordpress\/wp-content\/uploads\/2026\/01\/beitragtitel-1_segeln-900x265.jpg 900w, http:\/\/rcszo.ch\/wordpress\/wp-content\/uploads\/2026\/01\/beitragtitel-1_segeln-150x44.jpg 150w\" sizes=\"auto, (max-width: 1024px) 100vw, 1024px\" \/><\/figure>\n<!-- \/wp:image -->\n\n<!-- wp:paragraph -->\n<p>Wir segeln das 2026 ein, anhand der Windprognose ein muss!!<br>Treffpunkt ab 12:00 Uhr an der Risi<br>Wir segeln bis die Finger abfallen!!<br>Zuschauer und Interessierte sind gerne willkommen.<\/p>\n<!-- \/wp:paragraph --><\/div><\/li>\n<li><a class=\"wp-block-latest-posts__post-title\" href=\"http:\/\/rcszo.ch\/wordpress\/2025\/12\/20\/frohe-festtage-happy-new-year-3\/\">Frohe Festtage &amp; Happy New Year<\/a><time datetime=\"2025-12-20T09:33:14+00:00\" class=\"wp-block-latest-posts__post-date\">20. Dezember 2025<\/time><div class=\"wp-block-latest-posts__post-full-content\"><!-- wp:image {\"id\":5643,\"sizeSlug\":\"medium\",\"linkDestination\":\"media\",\"align\":\"right\"} -->\n<figure class=\"wp-block-image alignright size-medium\"><a href=\"https:\/\/rcszo.ch\/wordpress\/wp-content\/uploads\/2024\/12\/happy2025.jpg\"><img loading=\"lazy\" decoding=\"async\" width=\"300\" height=\"212\" src=\"https:\/\/rcszo.ch\/wordpress\/wp-content\/uploads\/2024\/12\/happy2025-300x212.jpg\" alt=\"\" class=\"wp-image-5643\" srcset=\"http:\/\/rcszo.ch\/wordpress\/wp-content\/uploads\/2024\/12\/happy2025-300x212.jpg 300w, http:\/\/rcszo.ch\/wordpress\/wp-content\/uploads\/2024\/12\/happy2025-495x350.jpg 495w, http:\/\/rcszo.ch\/wordpress\/wp-content\/uploads\/2024\/12\/happy2025-150x106.jpg 150w, http:\/\/rcszo.ch\/wordpress\/wp-content\/uploads\/2024\/12\/happy2025.jpg 509w\" sizes=\"auto, (max-width: 300px) 100vw, 300px\" \/><\/a><\/figure>\n<!-- \/wp:image -->\n\n<!-- wp:paragraph -->\n<p>Liebe Modellsegelkameraden<strong>,<\/strong><br>die Festtage stehen vor der T\u00fcr und im Namen von <em><strong>RCSZO<\/strong><\/em> m\u00f6chten wir Dir eine wundervolle Zeit w\u00fcnschen. M\u00f6ge sie mit Gelassenheit und Freude gef\u00fcllt sein. Geniesse die besinnliche Zeit, umgeben von Liebe und Lichtern.<\/p>\n<!-- \/wp:paragraph -->\n\n<!-- wp:paragraph -->\n<p><\/p>\n<!-- \/wp:paragraph --><\/div><\/li>\n<\/ul>","protected":false},"excerpt":{"rendered":"<p> <a class=\"continue-reading-link\" href=\"http:\/\/rcszo.ch\/wordpress\/news\/\">mehr &gt;&gt;<\/a><\/p>\n","protected":false},"author":2,"featured_media":0,"parent":0,"menu_order":0,"comment_status":"closed","ping_status":"closed","template":"","meta":{"ngg_post_thumbnail":0,"footnotes":""},"class_list":["post-3636","page","type-page","status-publish","hentry"],"_links":{"self":[{"href":"http:\/\/rcszo.ch\/wordpress\/wp-json\/wp\/v2\/pages\/3636","targetHints":{"allow":["GET"]}}],"collection":[{"href":"http:\/\/rcszo.ch\/wordpress\/wp-json\/wp\/v2\/pages"}],"about":[{"href":"http:\/\/rcszo.ch\/wordpress\/wp-json\/wp\/v2\/types\/page"}],"author":[{"embeddable":true,"href":"http:\/\/rcszo.ch\/wordpress\/wp-json\/wp\/v2\/users\/2"}],"replies":[{"embeddable":true,"href":"http:\/\/rcszo.ch\/wordpress\/wp-json\/wp\/v2\/comments?post=3636"}],"version-history":[{"count":2,"href":"http:\/\/rcszo.ch\/wordpress\/wp-json\/wp\/v2\/pages\/3636\/revisions"}],"predecessor-version":[{"id":3640,"href":"http:\/\/rcszo.ch\/wordpress\/wp-json\/wp\/v2\/pages\/3636\/revisions\/3640"}],"wp:attachment":[{"href":"http:\/\/rcszo.ch\/wordpress\/wp-json\/wp\/v2\/media?parent=3636"}],"curies":[{"name":"wp","href":"https:\/\/api.w.org\/{rel}","templated":true}]}}